{"id":2,"date":"2018-12-05T14:36:53","date_gmt":"2018-12-05T13:36:53","guid":{"rendered":"http:\/\/dev.marsch.hsv-wien.at\/?page_id=2"},"modified":"2025-06-03T13:19:36","modified_gmt":"2025-06-03T11:19:36","slug":"beispiel-seite","status":"publish","type":"page","link":"https:\/\/marsch.hsv-wien.at\/","title":{"rendered":"\u00dcber die Sektion"},"content":{"rendered":"\n<p>Die Sektion Leistungsmarsch hat sich zum Ziel gesetzt, die Kameradschaft, das kulturelle Interesse und die k\u00f6rperliche Ausdauerf\u00e4higkeit zu f\u00f6rdern (mit besonderem Augenmerk auf Soldaten des \u00d6BH).<\/p>\n\n\n\n<p>Neben der Teilnahme an einigen nationalen und internationalen M\u00e4rschen geh\u00f6ren die Beschickung des                             4-Tage-Marsches von Nijmegen (NL) und die Organisation der Marc-Aurel-Marschtage zu unseren Hauptaktivit\u00e4ten.<\/p>\n\n\n\n<p><a aria-label=\"Download Beitrittserkl\u00e4rung (\u00f6ffnet in neuem Tab)\" href=\"https:\/\/marsch.hsv-wien.at\/wp-content\/uploads\/2019\/04\/Beitrittserklaerung.pdf\" target=\"_blank\" rel=\"noreferrer noopener\">Download Beitrittserkl\u00e4rung<\/a><\/p>\n\n\n\n<p><br><\/p>\n","protected":false},"excerpt":{"rendered":"<p>Die Sektion Leistungsmarsch hat sich zum Ziel gesetzt, die Kameradschaft, das kulturelle Interesse und die k\u00f6rperliche Ausdauerf\u00e4higkeit zu f\u00f6rdern (mit besonderem Augenmerk auf Soldaten des \u00d6BH). Neben der Teilnahme an einigen nationalen und internationalen M\u00e4rschen geh\u00f6ren die Beschickung des 4-Tage-Marsches von Nijmegen (NL) und die Organisation der Marc-Aurel-Marschtage zu unseren Hauptaktivit\u00e4ten. Download Beitrittserkl\u00e4rung<\/p>\n","protected":false},"author":2,"featured_media":0,"parent":0,"menu_order":0,"comment_status":"closed","ping_status":"open","template":"","meta":{"footnotes":""},"class_list":["post-2","page","type-page","status-publish"],"_links":{"self":[{"href":"https:\/\/marsch.hsv-wien.at\/index.php\/wp-json\/wp\/v2\/pages\/2","targetHints":{"allow":["GET"]}}],"collection":[{"href":"https:\/\/marsch.hsv-wien.at\/index.php\/wp-json\/wp\/v2\/pages"}],"about":[{"href":"https:\/\/marsch.hsv-wien.at\/index.php\/wp-json\/wp\/v2\/types\/page"}],"author":[{"embeddable":true,"href":"https:\/\/marsch.hsv-wien.at\/index.php\/wp-json\/wp\/v2\/users\/2"}],"replies":[{"embeddable":true,"href":"https:\/\/marsch.hsv-wien.at\/index.php\/wp-json\/wp\/v2\/comments?post=2"}],"version-history":[{"count":20,"href":"https:\/\/marsch.hsv-wien.at\/index.php\/wp-json\/wp\/v2\/pages\/2\/revisions"}],"predecessor-version":[{"id":1186,"href":"https:\/\/marsch.hsv-wien.at\/index.php\/wp-json\/wp\/v2\/pages\/2\/revisions\/1186"}],"wp:attachment":[{"href":"https:\/\/marsch.hsv-wien.at\/index.php\/wp-json\/wp\/v2\/media?parent=2"}],"curies":[{"name":"wp","href":"https:\/\/api.w.org\/{rel}","templated":true}]}}