{"id":200,"date":"2019-04-10T11:39:45","date_gmt":"2019-04-10T09:39:45","guid":{"rendered":"http:\/\/dev.marsch.hsv-wien.at\/?page_id=200"},"modified":"2025-11-26T12:40:23","modified_gmt":"2025-11-26T11:40:23","slug":"aktuelles","status":"publish","type":"page","link":"https:\/\/marsch.hsv-wien.at\/index.php\/aktuelles\/","title":{"rendered":"Aktuelles"},"content":{"rendered":"\n<p>Hier ist der Link zu <strong>unserer Facebook Seite<\/strong>, wo sie die aktuellsten Infos immer zeitnahe finden k\u00f6nnen:<br><a href=\"https:\/\/www.facebook.com\/Leistungsmaersche\">https:\/\/www.facebook.com\/Leistungsmaersche<\/a><\/p>\n\n\n\n<p>Der <strong><em>Berner 2 Tagesmarsch<\/em> (2x40k)<\/strong> findet heuer am <strong>13.06.2026 und am 14.06.2026<\/strong> statt!<\/p>\n\n\n\n<p>Bei Interesse Nachricht an <a href=\"mailto:office.marsch@hsv-wien.at\">office.marsch@hsv-wien.at<\/a> senden<\/p>\n\n\n\n<figure class=\"wp-block-image size-full is-resized\"><img loading=\"lazy\" decoding=\"async\" width=\"315\" height=\"315\" src=\"https:\/\/marsch.hsv-wien.at\/wp-content\/uploads\/2025\/01\/471510066_983229063842191_4876115180878867045_n-1.jpg\" alt=\"\" class=\"wp-image-1019\" style=\"width:192px;height:auto\" srcset=\"https:\/\/marsch.hsv-wien.at\/wp-content\/uploads\/2025\/01\/471510066_983229063842191_4876115180878867045_n-1.jpg 315w, https:\/\/marsch.hsv-wien.at\/wp-content\/uploads\/2025\/01\/471510066_983229063842191_4876115180878867045_n-1-300x300.jpg 300w, https:\/\/marsch.hsv-wien.at\/wp-content\/uploads\/2025\/01\/471510066_983229063842191_4876115180878867045_n-1-150x150.jpg 150w\" sizes=\"auto, (max-width: 315px) 100vw, 315px\" \/><\/figure>\n\n\n\n<p>Einstweilen ist nur die Ausschreibung von 2025 verf\u00fcgbar!<\/p>\n\n\n\n<p><\/p>\n\n\n\n<p><em><strong>4 daagse Nijmegen<\/strong><\/em> findet heuer vom <strong>21.07.2026 &#8211; 24.07.2026<\/strong> statt!<\/p>\n\n\n\n<p>Es sind noch Pl\u00e4tze frei und es wird auch ein Reservepool mit einer Nachr\u00fcckm\u00f6glichkeit erstellt werden. <br>Also unverzagt, auch nach dem 15.01.2026, das Interesse unter <br><a href=\"mailto:christian.puehringer@bmlv.gv.at\">christian.puehringer@bmlv.gv.at<\/a> oder unter <br><a href=\"mailto:office.marsch@hsv-wien.at\">office.marsch@hsv-wien.at<\/a> bekunden und wir melden uns dann so rasch wie m\u00f6glich mit dem aktuellen Status &#8230;<\/p>\n\n\n\n<p><\/p>\n\n\n\n<p><\/p>\n\n\n\n<figure class=\"wp-block-image size-full is-resized\"><img loading=\"lazy\" decoding=\"async\" width=\"832\" height=\"585\" src=\"https:\/\/marsch.hsv-wien.at\/wp-content\/uploads\/2025\/11\/NLWerb-26.jpg\" alt=\"\" class=\"wp-image-1454\" style=\"width:738px;height:auto\" srcset=\"https:\/\/marsch.hsv-wien.at\/wp-content\/uploads\/2025\/11\/NLWerb-26.jpg 832w, https:\/\/marsch.hsv-wien.at\/wp-content\/uploads\/2025\/11\/NLWerb-26-300x211.jpg 300w, https:\/\/marsch.hsv-wien.at\/wp-content\/uploads\/2025\/11\/NLWerb-26-768x540.jpg 768w\" sizes=\"auto, (max-width: 832px) 100vw, 832px\" \/><\/figure>\n\n\n\n<p><\/p>\n","protected":false},"excerpt":{"rendered":"<p>Hier ist der Link zu unserer Facebook Seite, wo sie die aktuellsten Infos immer zeitnahe finden k\u00f6nnen:https:\/\/www.facebook.com\/Leistungsmaersche Der Berner 2 Tagesmarsch (2x40k) findet heuer am 13.06.2026 und am 14.06.2026 statt! Bei Interesse Nachricht an office.marsch@hsv-wien.at senden Einstweilen ist nur die Ausschreibung von 2025 verf\u00fcgbar! 4 daagse Nijmegen findet heuer vom 21.07.2026 &#8211; 24.07.2026 statt! Es &#8230; <a title=\"Aktuelles\" class=\"read-more\" href=\"https:\/\/marsch.hsv-wien.at\/index.php\/aktuelles\/\" aria-label=\"Mehr Informationen \u00fcber Aktuelles\">Weiterlesen<\/a><\/p>\n","protected":false},"author":2,"featured_media":0,"parent":0,"menu_order":0,"comment_status":"closed","ping_status":"closed","template":"","meta":{"footnotes":""},"class_list":["post-200","page","type-page","status-publish"],"_links":{"self":[{"href":"https:\/\/marsch.hsv-wien.at\/index.php\/wp-json\/wp\/v2\/pages\/200","targetHints":{"allow":["GET"]}}],"collection":[{"href":"https:\/\/marsch.hsv-wien.at\/index.php\/wp-json\/wp\/v2\/pages"}],"about":[{"href":"https:\/\/marsch.hsv-wien.at\/index.php\/wp-json\/wp\/v2\/types\/page"}],"author":[{"embeddable":true,"href":"https:\/\/marsch.hsv-wien.at\/index.php\/wp-json\/wp\/v2\/users\/2"}],"replies":[{"embeddable":true,"href":"https:\/\/marsch.hsv-wien.at\/index.php\/wp-json\/wp\/v2\/comments?post=200"}],"version-history":[{"count":26,"href":"https:\/\/marsch.hsv-wien.at\/index.php\/wp-json\/wp\/v2\/pages\/200\/revisions"}],"predecessor-version":[{"id":1462,"href":"https:\/\/marsch.hsv-wien.at\/index.php\/wp-json\/wp\/v2\/pages\/200\/revisions\/1462"}],"wp:attachment":[{"href":"https:\/\/marsch.hsv-wien.at\/index.php\/wp-json\/wp\/v2\/media?parent=200"}],"curies":[{"name":"wp","href":"https:\/\/api.w.org\/{rel}","templated":true}]}}